{"id":211,"date":"2025-01-29T18:20:09","date_gmt":"2025-01-29T18:20:09","guid":{"rendered":"https:\/\/www.domseniora.net\/?page_id=211"},"modified":"2025-01-29T18:27:12","modified_gmt":"2025-01-29T18:27:12","slug":"fundacja-promyczek","status":"publish","type":"page","link":"https:\/\/www.domseniora.net\/index.php\/fundacja-promyczek\/","title":{"rendered":"Fundacja &#8222;Promyczek&#8221;"},"content":{"rendered":"\t\t<div data-elementor-type=\"wp-page\" data-elementor-id=\"211\" class=\"elementor elementor-211\">\n\t\t\t\t\t\t<section data-particle_enable=\"false\" data-particle-mobile-disabled=\"false\" class=\"elementor-section elementor-top-section elementor-element elementor-element-615d4bc4 elementor-section-content-middle elementor-reverse-mobile elementor-reverse-tablet elementor-section-boxed elementor-section-height-default elementor-section-height-default\" data-id=\"615d4bc4\" data-element_type=\"section\" data-e-type=\"section\" data-settings=\"{&quot;background_background&quot;:&quot;classic&quot;}\">\n\t\t\t\t\t\t<div class=\"elementor-container elementor-column-gap-default\">\n\t\t\t\t\t<div class=\"elementor-column elementor-col-50 elementor-top-column elementor-element elementor-element-2d8add18\" data-id=\"2d8add18\" data-element_type=\"column\" data-e-type=\"column\" data-settings=\"{&quot;background_background&quot;:&quot;classic&quot;}\">\n\t\t\t<div class=\"elementor-widget-wrap elementor-element-populated\">\n\t\t\t\t\t\t<div class=\"elementor-element elementor-element-e08424a elementor-hidden-phone elementor-arrows-position-inside elementor-widget elementor-widget-image-carousel\" data-id=\"e08424a\" data-element_type=\"widget\" data-e-type=\"widget\" data-settings=\"{&quot;slides_to_show&quot;:&quot;1&quot;,&quot;navigation&quot;:&quot;arrows&quot;,&quot;autoplay_speed&quot;:6000,&quot;effect&quot;:&quot;fade&quot;,&quot;slides_to_show_mobile&quot;:&quot;1&quot;,&quot;autoplay&quot;:&quot;yes&quot;,&quot;pause_on_hover&quot;:&quot;yes&quot;,&quot;pause_on_interaction&quot;:&quot;yes&quot;,&quot;infinite&quot;:&quot;yes&quot;,&quot;speed&quot;:500}\" data-widget_type=\"image-carousel.default\">\n\t\t\t\t<div class=\"elementor-widget-container\">\n\t\t\t\t\t\t\t<div class=\"elementor-image-carousel-wrapper swiper\" role=\"region\" aria-roledescription=\"carousel\" aria-label=\"Karuzela obrazk\u00f3w\" dir=\"ltr\">\n\t\t\t<div class=\"elementor-image-carousel swiper-wrapper\" aria-live=\"off\">\n\t\t\t\t\t\t\t\t<div class=\"swiper-slide\" role=\"group\" aria-roledescription=\"slide\" aria-label=\"1 z 1\"><figure class=\"swiper-slide-inner\"><img decoding=\"async\" class=\"swiper-slide-image\" src=\"https:\/\/www.domseniora.net\/wp-content\/uploads\/2025\/01\/fundacja_promyczek_5779464528.jpg\" alt=\"fundacja_promyczek_5779464528\" \/><\/figure><\/div>\t\t\t<\/div>\n\t\t\t\t\t<\/div>\n\t\t\t\t\t\t<\/div>\n\t\t\t\t<\/div>\n\t\t\t\t\t<\/div>\n\t\t<\/div>\n\t\t\t\t<div class=\"elementor-column elementor-col-50 elementor-top-column elementor-element elementor-element-7d8483db\" data-id=\"7d8483db\" data-element_type=\"column\" data-e-type=\"column\" data-settings=\"{&quot;background_background&quot;:&quot;classic&quot;}\">\n\t\t\t<div class=\"elementor-widget-wrap elementor-element-populated\">\n\t\t\t\t\t\t<div class=\"elementor-element elementor-element-7d2d73ec elementor-widget elementor-widget-heading\" data-id=\"7d2d73ec\" data-element_type=\"widget\" data-e-type=\"widget\" data-widget_type=\"heading.default\">\n\t\t\t\t<div class=\"elementor-widget-container\">\n\t\t\t\t\t<h2 class=\"elementor-heading-title elementor-size-default\">Fundacja \"Promyczek\"<\/h2>\t\t\t\t<\/div>\n\t\t\t\t<\/div>\n\t\t\t\t<div class=\"elementor-element elementor-element-3a660670 elementor-widget elementor-widget-image\" data-id=\"3a660670\" data-element_type=\"widget\" data-e-type=\"widget\" data-widget_type=\"image.default\">\n\t\t\t\t<div class=\"elementor-widget-container\">\n\t\t\t\t\t\t\t\t\t\t\t\t\t\t\t<img decoding=\"async\" width=\"200\" height=\"36\" src=\"https:\/\/www.domseniora.net\/wp-content\/uploads\/2025\/01\/divider3.png\" class=\"attachment-full size-full wp-image-17\" alt=\"\" \/>\t\t\t\t\t\t\t\t\t\t\t\t\t\t\t<\/div>\n\t\t\t\t<\/div>\n\t\t\t\t<div class=\"elementor-element elementor-element-1d783f9f elementor-widget elementor-widget-text-editor\" data-id=\"1d783f9f\" data-element_type=\"widget\" data-e-type=\"widget\" data-widget_type=\"text-editor.default\">\n\t\t\t\t<div class=\"elementor-widget-container\">\n\t\t\t\t\t\t\t\t\t<p><strong>Pomoc Osobom Starszym i Niepe\u0142nosprawnym<\/strong><\/p><p>Fundacja dzia\u0142a na rzecz os\u00f3b starszych i niepe\u0142nosprawnych, koncentruj\u0105c si\u0119 na ich rehabilitacji oraz poprawie jako\u015bci \u017cycia. Naszym celem jest nie tylko wsparcie tych os\u00f3b, ale tak\u017ce aktywizacja spo\u0142ecze\u0144stwa, zw\u0142aszcza m\u0142odzie\u017cy, do zaanga\u017cowania si\u0119 w dzia\u0142alno\u015b\u0107 pomocow\u0105.<\/p><p>Wspieramy senior\u00f3w i osoby z niepe\u0142nosprawno\u015bciami oraz ich rodziny poprzez dostarczanie niezb\u0119dnego sprz\u0119tu rehabilitacyjnego i innych \u015brodk\u00f3w u\u0142atwiaj\u0105cych codzienne funkcjonowanie. Dzia\u0142amy tak\u017ce w obszarze sportu i kultury fizycznej, organizuj\u0105c zaj\u0119cia dostosowane do potrzeb os\u00f3b z ograniczon\u0105 sprawno\u015bci\u0105 ruchow\u0105.<\/p><p>Fundacja anga\u017cuje si\u0119 w rozw\u00f3j i promocj\u0119 gabinet\u00f3w fizjoterapeutycznych, w tym hipoterapii, zapewniaj\u0105c profesjonaln\u0105 rehabilitacj\u0119. Ponadto, wspieramy osoby potrzebuj\u0105ce w znalezieniu odpowiednich plac\u00f3wek opieki d\u0142ugoterminowej, pomagaj\u0105c im w procesie adaptacji i organizacji pobytu.<\/p><p>Nasza misja to zapewnienie godnego i aktywnego \u017cycia osobom starszym oraz niepe\u0142nosprawnym poprzez kompleksowe wsparcie i integracj\u0119 spo\u0142eczn\u0105.<\/p>\t\t\t\t\t\t\t\t<\/div>\n\t\t\t\t<\/div>\n\t\t\t\t\t<\/div>\n\t\t<\/div>\n\t\t\t\t\t<\/div>\n\t\t<\/section>\n\t\t\t\t<\/div>\n\t\t","protected":false},"excerpt":{"rendered":"<p>Fundacja &#8222;Promyczek&#8221; Pomoc Osobom Starszym i Niepe\u0142nosprawnym Fundacja dzia\u0142a na rzecz os\u00f3b starszych i niepe\u0142nosprawnych, koncentruj\u0105c si\u0119 na ich rehabilitacji oraz poprawie jako\u015bci \u017cycia. Naszym celem jest nie tylko wsparcie tych os\u00f3b, ale tak\u017ce aktywizacja spo\u0142ecze\u0144stwa, zw\u0142aszcza m\u0142odzie\u017cy, do zaanga\u017cowania si\u0119 w dzia\u0142alno\u015b\u0107 pomocow\u0105. Wspieramy senior\u00f3w i osoby z niepe\u0142nosprawno\u015bciami oraz ich rodziny poprzez dostarczanie [&hellip;]<\/p>\n","protected":false},"author":1,"featured_media":0,"parent":0,"menu_order":0,"comment_status":"closed","ping_status":"closed","template":"elementor_canvas","meta":{"footnotes":""},"class_list":["post-211","page","type-page","status-publish","hentry"],"yoast_head":"<!-- This site is optimized with the Yoast SEO plugin v26.8 - https:\/\/yoast.com\/product\/yoast-seo-wordpress\/ -->\n<title>Fundacja &quot;Promyczek&quot; - Zak\u0142ad opieku\u0144czy - Dom Seniora - Nad Strumykiem<\/title>\n<meta name=\"robots\" content=\"index, follow, max-snippet:-1, max-image-preview:large, max-video-preview:-1\" \/>\n<link rel=\"canonical\" href=\"https:\/\/www.domseniora.net\/index.php\/fundacja-promyczek\/\" \/>\n<meta property=\"og:locale\" content=\"pl_PL\" \/>\n<meta property=\"og:type\" content=\"article\" \/>\n<meta property=\"og:title\" content=\"Fundacja &quot;Promyczek&quot; - Zak\u0142ad opieku\u0144czy - Dom Seniora - Nad Strumykiem\" \/>\n<meta property=\"og:description\" content=\"Fundacja &#8222;Promyczek&#8221; Pomoc Osobom Starszym i Niepe\u0142nosprawnym Fundacja dzia\u0142a na rzecz os\u00f3b starszych i niepe\u0142nosprawnych, koncentruj\u0105c si\u0119 na ich rehabilitacji oraz poprawie jako\u015bci \u017cycia. Naszym celem jest nie tylko wsparcie tych os\u00f3b, ale tak\u017ce aktywizacja spo\u0142ecze\u0144stwa, zw\u0142aszcza m\u0142odzie\u017cy, do zaanga\u017cowania si\u0119 w dzia\u0142alno\u015b\u0107 pomocow\u0105. Wspieramy senior\u00f3w i osoby z niepe\u0142nosprawno\u015bciami oraz ich rodziny poprzez dostarczanie [&hellip;]\" \/>\n<meta property=\"og:url\" content=\"https:\/\/www.domseniora.net\/index.php\/fundacja-promyczek\/\" \/>\n<meta property=\"og:site_name\" content=\"Zak\u0142ad opieku\u0144czy - Dom Seniora - Nad Strumykiem\" \/>\n<meta property=\"article:modified_time\" content=\"2025-01-29T18:27:12+00:00\" \/>\n<meta property=\"og:image\" content=\"http:\/\/www.domseniora.net\/wp-content\/uploads\/elementor\/thumbs\/fundacja_promyczek_5779464528-r0qdi68wzaxr4wpwjmnkck8tp5lzps1awyg5hgnbgo.jpg\" \/>\n<meta name=\"twitter:card\" content=\"summary_large_image\" \/>\n<meta name=\"twitter:label1\" content=\"Szacowany czas czytania\" \/>\n\t<meta name=\"twitter:data1\" content=\"1 minuta\" \/>\n<script type=\"application\/ld+json\" class=\"yoast-schema-graph\">{\"@context\":\"https:\/\/schema.org\",\"@graph\":[{\"@type\":\"WebPage\",\"@id\":\"https:\/\/www.domseniora.net\/index.php\/fundacja-promyczek\/\",\"url\":\"https:\/\/www.domseniora.net\/index.php\/fundacja-promyczek\/\",\"name\":\"Fundacja \\\"Promyczek\\\" - Zak\u0142ad opieku\u0144czy - Dom Seniora - Nad Strumykiem\",\"isPartOf\":{\"@id\":\"https:\/\/www.domseniora.net\/#website\"},\"primaryImageOfPage\":{\"@id\":\"https:\/\/www.domseniora.net\/index.php\/fundacja-promyczek\/#primaryimage\"},\"image\":{\"@id\":\"https:\/\/www.domseniora.net\/index.php\/fundacja-promyczek\/#primaryimage\"},\"thumbnailUrl\":\"http:\/\/www.domseniora.net\/wp-content\/uploads\/elementor\/thumbs\/fundacja_promyczek_5779464528-r0qdi68wzaxr4wpwjmnkck8tp5lzps1awyg5hgnbgo.jpg\",\"datePublished\":\"2025-01-29T18:20:09+00:00\",\"dateModified\":\"2025-01-29T18:27:12+00:00\",\"breadcrumb\":{\"@id\":\"https:\/\/www.domseniora.net\/index.php\/fundacja-promyczek\/#breadcrumb\"},\"inLanguage\":\"pl-PL\",\"potentialAction\":[{\"@type\":\"ReadAction\",\"target\":[\"https:\/\/www.domseniora.net\/index.php\/fundacja-promyczek\/\"]}]},{\"@type\":\"ImageObject\",\"inLanguage\":\"pl-PL\",\"@id\":\"https:\/\/www.domseniora.net\/index.php\/fundacja-promyczek\/#primaryimage\",\"url\":\"http:\/\/www.domseniora.net\/wp-content\/uploads\/elementor\/thumbs\/fundacja_promyczek_5779464528-r0qdi68wzaxr4wpwjmnkck8tp5lzps1awyg5hgnbgo.jpg\",\"contentUrl\":\"http:\/\/www.domseniora.net\/wp-content\/uploads\/elementor\/thumbs\/fundacja_promyczek_5779464528-r0qdi68wzaxr4wpwjmnkck8tp5lzps1awyg5hgnbgo.jpg\"},{\"@type\":\"BreadcrumbList\",\"@id\":\"https:\/\/www.domseniora.net\/index.php\/fundacja-promyczek\/#breadcrumb\",\"itemListElement\":[{\"@type\":\"ListItem\",\"position\":1,\"name\":\"Strona g\u0142\u00f3wna\",\"item\":\"https:\/\/www.domseniora.net\/\"},{\"@type\":\"ListItem\",\"position\":2,\"name\":\"Fundacja &#8222;Promyczek&#8221;\"}]},{\"@type\":\"WebSite\",\"@id\":\"https:\/\/www.domseniora.net\/#website\",\"url\":\"https:\/\/www.domseniora.net\/\",\"name\":\"Zak\u0142ad opieku\u0144czy - Dom Seniora - Nad Strumykiem\",\"description\":\"Zielono mi\",\"publisher\":{\"@id\":\"https:\/\/www.domseniora.net\/#organization\"},\"potentialAction\":[{\"@type\":\"SearchAction\",\"target\":{\"@type\":\"EntryPoint\",\"urlTemplate\":\"https:\/\/www.domseniora.net\/?s={search_term_string}\"},\"query-input\":{\"@type\":\"PropertyValueSpecification\",\"valueRequired\":true,\"valueName\":\"search_term_string\"}}],\"inLanguage\":\"pl-PL\"},{\"@type\":\"Organization\",\"@id\":\"https:\/\/www.domseniora.net\/#organization\",\"name\":\"Zak\u0142ad opieku\u0144czy - Dom Seniora - Nad Strumykiem\",\"url\":\"https:\/\/www.domseniora.net\/\",\"logo\":{\"@type\":\"ImageObject\",\"inLanguage\":\"pl-PL\",\"@id\":\"https:\/\/www.domseniora.net\/#\/schema\/logo\/image\/\",\"url\":\"https:\/\/www.domseniora.net\/wp-content\/uploads\/2025\/06\/IMG_20250605_071240.jpg\",\"contentUrl\":\"https:\/\/www.domseniora.net\/wp-content\/uploads\/2025\/06\/IMG_20250605_071240.jpg\",\"width\":3072,\"height\":4096,\"caption\":\"Zak\u0142ad opieku\u0144czy - Dom Seniora - Nad Strumykiem\"},\"image\":{\"@id\":\"https:\/\/www.domseniora.net\/#\/schema\/logo\/image\/\"}}]}<\/script>\n<!-- \/ Yoast SEO plugin. -->","yoast_head_json":{"title":"Fundacja \"Promyczek\" - Zak\u0142ad opieku\u0144czy - Dom Seniora - Nad Strumykiem","robots":{"index":"index","follow":"follow","max-snippet":"max-snippet:-1","max-image-preview":"max-image-preview:large","max-video-preview":"max-video-preview:-1"},"canonical":"https:\/\/www.domseniora.net\/index.php\/fundacja-promyczek\/","og_locale":"pl_PL","og_type":"article","og_title":"Fundacja \"Promyczek\" - Zak\u0142ad opieku\u0144czy - Dom Seniora - Nad Strumykiem","og_description":"Fundacja &#8222;Promyczek&#8221; Pomoc Osobom Starszym i Niepe\u0142nosprawnym Fundacja dzia\u0142a na rzecz os\u00f3b starszych i niepe\u0142nosprawnych, koncentruj\u0105c si\u0119 na ich rehabilitacji oraz poprawie jako\u015bci \u017cycia. Naszym celem jest nie tylko wsparcie tych os\u00f3b, ale tak\u017ce aktywizacja spo\u0142ecze\u0144stwa, zw\u0142aszcza m\u0142odzie\u017cy, do zaanga\u017cowania si\u0119 w dzia\u0142alno\u015b\u0107 pomocow\u0105. Wspieramy senior\u00f3w i osoby z niepe\u0142nosprawno\u015bciami oraz ich rodziny poprzez dostarczanie [&hellip;]","og_url":"https:\/\/www.domseniora.net\/index.php\/fundacja-promyczek\/","og_site_name":"Zak\u0142ad opieku\u0144czy - Dom Seniora - Nad Strumykiem","article_modified_time":"2025-01-29T18:27:12+00:00","og_image":[{"url":"http:\/\/www.domseniora.net\/wp-content\/uploads\/elementor\/thumbs\/fundacja_promyczek_5779464528-r0qdi68wzaxr4wpwjmnkck8tp5lzps1awyg5hgnbgo.jpg","type":"","width":"","height":""}],"twitter_card":"summary_large_image","twitter_misc":{"Szacowany czas czytania":"1 minuta"},"schema":{"@context":"https:\/\/schema.org","@graph":[{"@type":"WebPage","@id":"https:\/\/www.domseniora.net\/index.php\/fundacja-promyczek\/","url":"https:\/\/www.domseniora.net\/index.php\/fundacja-promyczek\/","name":"Fundacja \"Promyczek\" - Zak\u0142ad opieku\u0144czy - Dom Seniora - Nad Strumykiem","isPartOf":{"@id":"https:\/\/www.domseniora.net\/#website"},"primaryImageOfPage":{"@id":"https:\/\/www.domseniora.net\/index.php\/fundacja-promyczek\/#primaryimage"},"image":{"@id":"https:\/\/www.domseniora.net\/index.php\/fundacja-promyczek\/#primaryimage"},"thumbnailUrl":"http:\/\/www.domseniora.net\/wp-content\/uploads\/elementor\/thumbs\/fundacja_promyczek_5779464528-r0qdi68wzaxr4wpwjmnkck8tp5lzps1awyg5hgnbgo.jpg","datePublished":"2025-01-29T18:20:09+00:00","dateModified":"2025-01-29T18:27:12+00:00","breadcrumb":{"@id":"https:\/\/www.domseniora.net\/index.php\/fundacja-promyczek\/#breadcrumb"},"inLanguage":"pl-PL","potentialAction":[{"@type":"ReadAction","target":["https:\/\/www.domseniora.net\/index.php\/fundacja-promyczek\/"]}]},{"@type":"ImageObject","inLanguage":"pl-PL","@id":"https:\/\/www.domseniora.net\/index.php\/fundacja-promyczek\/#primaryimage","url":"http:\/\/www.domseniora.net\/wp-content\/uploads\/elementor\/thumbs\/fundacja_promyczek_5779464528-r0qdi68wzaxr4wpwjmnkck8tp5lzps1awyg5hgnbgo.jpg","contentUrl":"http:\/\/www.domseniora.net\/wp-content\/uploads\/elementor\/thumbs\/fundacja_promyczek_5779464528-r0qdi68wzaxr4wpwjmnkck8tp5lzps1awyg5hgnbgo.jpg"},{"@type":"BreadcrumbList","@id":"https:\/\/www.domseniora.net\/index.php\/fundacja-promyczek\/#breadcrumb","itemListElement":[{"@type":"ListItem","position":1,"name":"Strona g\u0142\u00f3wna","item":"https:\/\/www.domseniora.net\/"},{"@type":"ListItem","position":2,"name":"Fundacja &#8222;Promyczek&#8221;"}]},{"@type":"WebSite","@id":"https:\/\/www.domseniora.net\/#website","url":"https:\/\/www.domseniora.net\/","name":"Zak\u0142ad opieku\u0144czy - Dom Seniora - Nad Strumykiem","description":"Zielono mi","publisher":{"@id":"https:\/\/www.domseniora.net\/#organization"},"potentialAction":[{"@type":"SearchAction","target":{"@type":"EntryPoint","urlTemplate":"https:\/\/www.domseniora.net\/?s={search_term_string}"},"query-input":{"@type":"PropertyValueSpecification","valueRequired":true,"valueName":"search_term_string"}}],"inLanguage":"pl-PL"},{"@type":"Organization","@id":"https:\/\/www.domseniora.net\/#organization","name":"Zak\u0142ad opieku\u0144czy - Dom Seniora - Nad Strumykiem","url":"https:\/\/www.domseniora.net\/","logo":{"@type":"ImageObject","inLanguage":"pl-PL","@id":"https:\/\/www.domseniora.net\/#\/schema\/logo\/image\/","url":"https:\/\/www.domseniora.net\/wp-content\/uploads\/2025\/06\/IMG_20250605_071240.jpg","contentUrl":"https:\/\/www.domseniora.net\/wp-content\/uploads\/2025\/06\/IMG_20250605_071240.jpg","width":3072,"height":4096,"caption":"Zak\u0142ad opieku\u0144czy - Dom Seniora - Nad Strumykiem"},"image":{"@id":"https:\/\/www.domseniora.net\/#\/schema\/logo\/image\/"}}]}},"_links":{"self":[{"href":"https:\/\/www.domseniora.net\/index.php\/wp-json\/wp\/v2\/pages\/211","targetHints":{"allow":["GET"]}}],"collection":[{"href":"https:\/\/www.domseniora.net\/index.php\/wp-json\/wp\/v2\/pages"}],"about":[{"href":"https:\/\/www.domseniora.net\/index.php\/wp-json\/wp\/v2\/types\/page"}],"author":[{"embeddable":true,"href":"https:\/\/www.domseniora.net\/index.php\/wp-json\/wp\/v2\/users\/1"}],"replies":[{"embeddable":true,"href":"https:\/\/www.domseniora.net\/index.php\/wp-json\/wp\/v2\/comments?post=211"}],"version-history":[{"count":4,"href":"https:\/\/www.domseniora.net\/index.php\/wp-json\/wp\/v2\/pages\/211\/revisions"}],"predecessor-version":[{"id":221,"href":"https:\/\/www.domseniora.net\/index.php\/wp-json\/wp\/v2\/pages\/211\/revisions\/221"}],"wp:attachment":[{"href":"https:\/\/www.domseniora.net\/index.php\/wp-json\/wp\/v2\/media?parent=211"}],"curies":[{"name":"wp","href":"https:\/\/api.w.org\/{rel}","templated":true}]}}